{"version":"1.0","provider_name":"Kyara Joyce - \u00c1raml\u00e1s","provider_url":"https:\/\/aramlas.cafeblog.hu","author_name":"Kyara Joyce","author_url":"https:\/\/aramlas.cafeblog.hu\/author\/kyaramailgmail-com\/","title":"Pofon az eg\u00f3dnak","html":"<p style=\"text-align: justify\"><strong>Kieg\u00e9sz\u00edt\u00e9s (2015.08.30):<\/strong><\/p>\r\n<p style=\"text-align: justify\"><em>Ahogy arra sz\u00e1m\u00edtottam, a lenti\u00a0\u00edr\u00e1s\u00e9rt kaptam hideget-meleget, mind itt, mind pedig a Facebook oldalamon. :) Szinte minden megnyilv\u00e1nul\u00e1s, \u00e9s reakci\u00f3 a posztban le\u00edrtakat demonstr\u00e1lja, s mint minden demonstr\u00e1ci\u00f3, mag\u00e1t a le\u00edr\u00e1st meghaladva k\u00e9pes egyenesen a l\u00e9nyegre r\u00e1vil\u00e1g\u00edtani. Ebb\u0151l a megvil\u00e1g\u00edt\u00e1sb\u00f3l sz\u00e1momra egy\u00e9rtelm\u0171en l\u00e1tszik, hogy sokan a posztot v\u00e9gig sem olvasva, \u00edgy l\u00e9nyegi mondanival\u00f3j\u00e1t \u00e1t sem l\u00e1tva vonnak le k\u00f6vetkeztet\u00e9seket az \u00edr\u00e1ssal val\u00f3 egy\u00e9ni c\u00e9ljaimra vagy szem\u00e9lyes orient\u00e1ci\u00f3imra vonatkoz\u00f3lag. Az eg\u00f3k ilyet\u00e9n megnyilv\u00e1nul\u00e1sai (\u00f6nmaguk heves\u00a0v\u00e9delmez\u00e9se, \u00e9s a m\u00e1sik t\u00e1mad\u00e1sa), engem csak m\u00e9g nagyobb \"pofonokra\" \u00f6szt\u00f6n\u00f6znek. :) \u00dagyhogy eszemben sincs eln\u00e9z\u00e9st k\u00e9rni t\u0151l\u00fck a \"pofon\u00e9rt\", ami nyilv\u00e1nval\u00f3an\u00a0\"betal\u00e1lt\" n\u00e1luk, \u00e9pp ellenkez\u0151leg, addig fogom \"sz\u00ednpadra h\u00edvni\" (provok\u00e1lni) az eg\u00f3jukat, am\u00edg tudatosan felismerik,\u00a0hogy mit is m\u0171velnek, \u00e9s k\u00e9pess\u00e9 v\u00e1lnak\u00a0megel\u0151zni az \"\u00e9let pofonait\"!<\/em><\/p>\r\n<p style=\"text-align: justify\">\u00a0<\/p>\r\n<p style=\"text-align: justify\"><a href=\"https:\/\/aramlas.cafeblog.hu\/files\/2015\/08\/ego_by_vimark-d306bsh.jpg\"><img class=\"aligncenter  wp-image-329\" src=\"https:\/\/aramlas.cafeblog.hu\/files\/2015\/08\/ego_by_vimark-d306bsh.jpg\" alt=\"\" width=\"468\" height=\"662\" \/><\/a><\/p>\r\n<p style=\"text-align: justify\">Ha k\u00f6vetsz\u00a0m\u00e1r egy ideje, akkor tudod, hogy szeretem lepofozni\u00a0az eg\u00f3kat. :) Nem zavar, ha\u00a0megs\u00e9rt\u0151dsz, csak az \u00e9rdekel, hogy tiszt\u00e1n l\u00e1sd \u00f6nmagad - akkor is, ha k\u00f6zben megut\u00e1lsz engem, a szem\u00e9lyt.\u00a0<\/p>\r\n<p style=\"text-align: justify\">Engedj meg egy \u00fajabb - ez\u00fattal - er\u0151sebb pofont... :)<\/p>\r\n<p style=\"text-align: justify\"><!--more--><\/p>\r\n<p style=\"text-align: justify\">Az eg\u00e9sz vil\u00e1g egy eg\u00f3-simogat\u00f3 hely. Ahhoz vagyunk szokva, hogy a t\u00e9v\u00e9, r\u00e1di\u00f3, a magazinok-\u00e9s napilapok, a filmek, a zen\u00e9k, a k\u00fcl\u00f6nf\u00e9le szolg\u00e1ltat\u00e1sok,\u00a0a bar\u00e1taink, \u00e9s <strong>minden az eg\u00f3nkat er\u0151s\u00edti<\/strong>.<\/p>\r\n<p style=\"text-align: justify\">Mire \u00e9p\u00edt a rekl\u00e1m szakma?! \"<em>...mert \u00d6N meg\u00e9rdemli!<\/em>\" Mib\u0151l \u00e9l\u00a0a pszichol\u00f3gus?! A megt\u00f6rt eg\u00f3dat (szem\u00e9lyis\u00e9gedet) ragasztgatja\u00a0\u00fajra \u00f6ssze, mint egy t\u00f6r\u00f6tt v\u00e1z\u00e1t... vagy ink\u00e1bb antik v\u00e1z\u00e1t, mert hogy annyira\u00a0\u00e9rt\u00e9kesnek \u00e9s p\u00f3tolhatatlannak tartjuk a saj\u00e1t eg\u00f3nkat, mintha az lenne a vil\u00e1gon a legt\u00f6bbet \u00e9r\u0151 dr\u00e1gak\u0151.<\/p>\r\n<p style=\"text-align: justify\">Dics\u00e9rd, magasztald, \u00c9LTESD az eg\u00f3t, \u00e9s isten\u00edteni fognak; csak egyszer merd azt mondani, hogy nem l\u00e9tezik... hogy a szem\u00e9lyis\u00e9g \u00e1lm\u00e1t \u00e1lmodjuk csup\u00e1n; hogy a cselekv\u0151, az \u00e9rz\u0151, \u00e9s a gondolkod\u00f3 eg\u00f3 csak a k\u00e9pzeletekben \u00e9l... csak egyszer mondd, \u00e9s ellens\u00e9gg\u00e9 v\u00e1lsz azok szem\u00e9ben, akiket fogva tartanak f\u00e9lelmeik, \u00e9s szenved\u00e9seik, azaz az eg\u00f3juk.<\/p>\r\n<p style=\"text-align: justify\">Mert melyik \"norm\u00e1lis\" ember merne olyat \u00e1ll\u00edtani, hogy nem l\u00e9tezik szenved\u00e9s, amikor k\u00f6r\u00fcln\u00e9z\u00fcnk a vil\u00e1gunkban, \u00e9s m\u00e1st sem l\u00e1tunk, mint nyomort, \u00e9hez\u00e9st, szeg\u00e9nys\u00e9get, betegs\u00e9get, \u00e9s h\u00e1bor\u00fat?! \u00c9s ezzel pontot tesz\u00fcnk az ellen\u00e9rvek \u00e9s a tov\u00e1bbi felismer\u00e9sek g\u00e1tjak\u00e9nt. Pedig \u00e9n nem ezt mondom, \u00e9s senki sem mondja ezt.<\/p>\r\n<p style=\"text-align: justify\">Elgondolkodt\u00e1l m\u00e1r valaha azon, hogy: mi okozza a h\u00e1bor\u00fak kirobban\u00e1s\u00e1t? Mi okozza a\u00a0szeg\u00e9nys\u00e9g terjed\u00e9s\u00e9t a F\u00f6ld\u00f6n? Mi okozza az \u00e9hez\u00e9st, nyomort, s\u0151t m\u00e9g a betegs\u00e9geket is? Tudod, kik ir\u00e1ny\u00edtj\u00e1k a vil\u00e1got, kiknek kez\u00e9ben fut \u00f6ssze minden, kikn\u00e9l van az eg\u00e9sz F\u00f6ld feletti hatalom, kik \u00edrj\u00e1k a vil\u00e1gpolitika, a vil\u00e1ggazdas\u00e1g, a vil\u00e1gbank m\u0171k\u00f6d\u00e9s\u00e9nek forgat\u00f3k\u00f6nyv\u00e9t??!! \u00c9s azt tudod, hogy az eg\u00e9szet egy pillanat alatt fel lehetne sz\u00e1molni?! Mind\u00f6ssze azt k\u00e9ne megl\u00e1tnunk, hogy az, aki\/ami mindezeket el\u0151id\u00e9zi, kiv\u00e1ltja, \u00e9s fenntartja, egy k\u00e9pzel\u0151d\u00e9s, amelyben kollekt\u00edven hisz\u00fcnk, s ez\u00e9rt az a mark\u00e1ban tarthat minket. Hisz\u00fcnk az eg\u00f3ban, mert mindenki hisz benne, erre tan\u00edtanak a sz\u00fcleink \u00e9s a t\u00e1rsadalom is. Ez k\u00f6sz\u00f6n vissza az \u00fajs\u00e1gokb\u00f3l, a t\u00e9v\u00e9b\u0151l, a tan\u00e1raink\u00a0sz\u00e1j\u00e1b\u00f3l...\u00a0<\/p>\r\n<p style=\"text-align: justify\">De kik hozz\u00e1k val\u00f3j\u00e1ban a tradicion\u00e1lis oktat\u00e1si t\u00f6rv\u00e9nyeket? Tudod? Kiknek a kez\u00e9ben vannak a legnagyobb t\u00e9v\u00e9 csatorn\u00e1k, \u00e9s kik manipul\u00e1lj\u00e1k a vil\u00e1gh\u00edreket? Tudod? Kik \"\u00edrj\u00e1k\"\u00a0val\u00f3j\u00e1ban a vil\u00e1gsajt\u00f3t? Tudod? Nem? \u00c9n sem tudom. Mert \u0151ket senki sem ismeri, \u00e9s nem v\u00e9letlen\u00fcl! De az bizonyos, hogy nem a szeretet motiv\u00e1lja \u0151ket, mert ha \u00edgy lenne, akkor nem lenn\u00e9nek h\u00e1bor\u00fak, amelyeket \u0151k robbantanak ki \u00e9s vez\u00e9nyelnek le mindig csak a h\u00e1tt\u00e9rben maradva! Nem lenn\u00e9nek \u00e9hez\u0151k, mert p\u00e9nz az j\u00f3val t\u00f6bb van, mint amennyi az eg\u00e9sz vil\u00e1g \u00e9lelmez\u00e9s\u00e9re elegend\u0151 volna t\u00f6bb sz\u00e1z vagy ezer \u00e9vre! Nem lenn\u00e9nek betegs\u00e9gek, mert akkor m\u00e1r engedt\u00e9k volna pl. a r\u00e1k vagy az AIDS ellenszer\u00e9t szabadalmaztatni! S\u0151t, p\u00e9nz sem lenne, szabad cserekereskedelemben \u00e9ln\u00e9nk! De mit nyern\u00e9nek \u0151k ezzel?!<\/p>\r\n<p style=\"text-align: justify\">Ha az emberek nem \u00e9hezn\u00e9nek, akkor \u0151k nem j\u00e1tszhatn\u00e1k el a nagy megment\u0151 szerep\u00e9t. Ha nem lenn\u00e9nek \u00e9hez\u0151k, betegs\u00e9gek, h\u00e1bor\u00fak, \u00e9s gazdas\u00e1gi probl\u00e9m\u00e1k, akkor t\u00faln\u00e9pesedn\u00e9nk, a gy\u00f3gyszeripar, a hadipar, a gazdas\u00e1gi \u00e1gazatok, \u00e9s a t\u0151zsde fogalmai gyorsan kit\u00f6rl\u0151dn\u00e9nek a vil\u00e1gt\u00f6rt\u00e9nelemb\u0151l. Ezek pedig a hatalom-\u00e9s ir\u00e1ny\u00edt\u00e1s eszk\u00f6zei! Saj\u00e1t <strong>eg\u00f3s<\/strong> \u00e9rdek\u00fck, hogy az emberek hatv\u00e1nyozottan\u00a0f\u00fcggjenek a min\u00e9l \u00f6sszetettebb, \u00e9s \u00e1tl\u00e1thatatlanabb rendszert\u0151l, \u00e9s annak ir\u00e1ny\u00edt\u00e1sa alatt \u00e9ljenek.\u00a0Saj\u00e1t <strong>eg\u00f3s<\/strong> \u00e9rdek\u00fck, hogy mesters\u00e9ges k\u00f3m\u00e1ban tartsanak minket, mert ha felny\u00edlna a szem\u00fcnk a val\u00f3s\u00e1gra, akkor le\u00e1ldozna csillaguk \u00e9s elvesz\u00edten\u00e9k a vil\u00e1g f\u00f6l\u00f6tti hatalmukat.<\/p>\r\n<p style=\"text-align: justify\">IGEN, EZ MIND AZ EG\u00d3!\u00a0<\/p>\r\n<p style=\"text-align: justify\"><span style=\"line-height: 1.5\">...Mi pedig m\u00e9gis k\u00f6vetj\u00fck a norm\u00e1kat, mert a sorb\u00f3l kil\u00f3gni vesz\u00e9lyes. Tartozni akarunk valahov\u00e1, a sz\u00fcleinkhez, a tan\u00e1rainkhoz, a bar\u00e1tainkhoz, a koll\u00e9g\u00e1inkhoz, \u00e9s a t\u00e1rsadalomhoz. Mert mit gondoln\u00e1nak r\u00f3lunk, ha egy nap mi is kijelenten\u00e9nk, hogy az eg\u00f3 egy baroms\u00e1g? M\u00e9g ha tudjuk is, hogy <\/span><strong style=\"line-height: 1.5\"><span style=\"text-decoration: underline\">az eg\u00f3 c<\/span><span style=\"text-decoration: underline\">sak egy projekci\u00f3<\/span><\/strong><span style=\"line-height: 1.5\"> -\u00a0mert meg\u00e9lt\u00fck - akkor sem besz\u00e9l\u00fcnk r\u00f3la, mert nem merj\u00fck megkock\u00e1ztatni a kik\u00f6z\u00f6s\u00edt\u00e9st vagy a dilih\u00e1zat. Pedig ez az els\u0151 l\u00e9p\u00e9s val\u00f3di \u00f6nmagunk felv\u00e1llal\u00e1s\u00e1nak \u00fatj\u00e1n.<\/span><\/p>\r\n<p style=\"text-align: justify\">Ez az egyik oka annak, hogy a hozz\u00e1m fordul\u00f3kn\u00e1l el\u0151sz\u00f6r is b\u00e1tors\u00e1guk m\u00e9rt\u00e9k\u00e9r\u0151l puhatol\u00f3zom. Azt szeretn\u00e9m l\u00e1tni, hogy mit hajland\u00f3k\u00a0v\u00e1llalni illetve feladni \u00f6nmegval\u00f3s\u00edt\u00e1suk \u00e9rdek\u00e9ben. Mert itt d\u0151l el az eg\u00e9sz! Am\u00edg ez nem tiszt\u00e1zott benned, \u00e9rdemben nem tudsz tov\u00e1bb l\u00e9pni. Ez egy olyan hozz\u00e1\u00e1ll\u00e1st ig\u00e9nyel a keres\u0151t\u0151l, ami csak kevesekben van meg els\u0151re. \u00c1m ez nem jelenti azt, hogy ne lehetne \u00fat k\u00f6zben \"megszerezni\"!<\/p>\r\n<p style=\"text-align: justify\">De\u00a0aki az eg\u00f3 (kollekt\u00edv \u00e9s egy\u00e9ni) term\u00e9szet\u00e9n m\u00e9g csak\u00a0elmorfond\u00edrozni sem hajland\u00f3 (nyitotts\u00e1g hi\u00e1nya), az egy v\u00e9gtelen labirintusban fog bolyongani mindaddig, am\u00edg fel-\u00e9s el(!) nem ismeri a sz\u00fcl\u0151k \u00e9s a t\u00e1rsadalom \u00e1ltal bel\u00e9 programozott\u00a0hitrendszere alapvet\u0151 ferd\u00fcl\u00e9seit. \u00c9s ehhez nem kell \u00e1m Buddhist\u00e1nak lenni. Ez nem egy elvont, csak a beavatottak sz\u00e1m\u00e1ra el\u00e9rhet\u0151 tud\u00e1s! Nem, ez benned is ott van! M\u00e1r most! Nem kell hozz\u00e1 semmi, hogy felfedezd magadban, csak egy kis nyitotts\u00e1g \u00e9s cs\u00f6nd.<\/p>\r\n<p style=\"text-align: justify\">Isten, az \u00d6nval\u00f3, vagy a Tudatoss\u00e1g - nevezd hited szerint - nem fog nagy l\u00f3t\u00e1s-fut\u00e1sodban v\u00e1llon ragadni \u00e9s a f\u00fcledbe kiab\u00e1lni, hogy: \"<em>h\u00e9\u00e9\u00e9...itt vagyok, figyelj m\u00e1' ide!<\/em>\" Nem, az sz\u00e9pen megv\u00e1rja, am\u00edg \u00f6nk\u00e9nt ford\u00edtod fel\u00e9 a figyelmedet. \u00c9s eml\u00e9kezz, sz\u00e1m\u00e1ra nem l\u00e9tezik az id\u0151 fogalma! Ha ez neked egy \u00e9leten \u00e1t tart\u00f3 folyamat lesz... ha neked ennyi id\u0151 kell ahhoz - ami val\u00f3j\u00e1ban egy pillanat m\u0171ve is lehetne - hogy elcsendesedj, \u0151 megv\u00e1rja, nem fog s\u00fcrgetni.<\/p>\r\n<p style=\"text-align: justify\">\u00c9n is n\u00e9ztem m\u00e1r komplett \u0151r\u00fcltnek sok embert, akik olyan \u00e1ll\u00edt\u00e1sokkal j\u00f6ttek, ami meghaladta elm\u00e9m felfog\u00f3 k\u00e9pess\u00e9g\u00e9t. De nyitott maradtam, \"haladtam tov\u00e1bb\", \u00e9s egy nap el\u00e9rkeztem arra a pontra, ahol \u0151k \u00e1lltak akkor, amikor azt \u00e1ll\u00edtott\u00e1k, hogy az eg\u00f3 csak egy d\u00e9lib\u00e1b. \u00c9s amikor ez tapasztalatt\u00e1 v\u00e1lt sz\u00e1momra, akkor fogtam fel szavaik s\u00faly\u00e1t. Meg\u00e9rtettem, hogy b\u00e1rmilyen neh\u00e9z is ezt elm\u00e9vel megragadni, nem sz\u00e1m\u00edt, \u00a0mert <strong>EZ AZ<\/strong>, amit mindig is kerestem: a\u00a0<strong>V\u00e9gs\u0151 Val\u00f3s\u00e1g<\/strong> fel\u00e9 mutat\u00f3 felismer\u00e9s! \u00c9s - gondoltam \u00a0- fontosabb sz\u00e1momra, hogy AZZ\u00c1 v\u00e1ljak, mint az, hogy megpr\u00f3b\u00e1ljam meg\u00e9rteni. Csak nem sokkal ezut\u00e1n j\u00f6ttem r\u00e1, hogy e kett\u0151 - <strong>AZZ\u00c1 v\u00e1lni \u00e9s meg\u00e9rteni - ugyanaz<\/strong>. \u00c9s akkor \u00f6nk\u00e9ntelen\u00fcl felnevettem, \u00e9s csak annyit tudtam mondani a bar\u00e1tomnak: \"Most m\u00e1r tudom, mir\u0151l hadov\u00e1lt\u00e1l \u00e9veken kereszt\u00fcl!\" :) Pedig\u00a0ezek m\u00e9g csak apr\u00f3 bepillant\u00e1sok voltak...<\/p>\r\n<p>...\u00e9s ez a k\u00fcsz\u00f6b; ha ezen hajland\u00f3 vagy \u00e1tl\u00e9pni, az azt jelenti, hogy k\u00e9sz vagy elengedni b\u00e1rmit \u00e9s mindent, amit eddig tanult\u00e1l, gondolt\u00e1l vagy hitt\u00e9l; azt jelenti, hogy k\u00e9sz vagy\u00a0feladni az eg\u00f3ban val\u00f3 hitedet, s \u00edgy fel\u00e1ldozni\u00a0a vele val\u00f3 azonosul\u00e1st. \u00c9s ezt csak al\u00e1zattal lehet! <strong>Az al\u00e1zat viszont nem tanulhat\u00f3. Az a felismer\u00e9seid k\u00f6vetkezm\u00e9nye!<\/strong>\u00a0\u00c9s ha nem vagy k\u00e9pes a teljes lemond\u00e1sra \u00e9s \u00f6nmegad\u00e1sra, akkor m\u00e9g nincs meg benned ez az al\u00e1zat. \u00c9s ezzel most nem az eg\u00f3dat akarom s\u00e9rtegetni, ez csak egy t\u00e9ny. ...\u00c9s ez alatt nem a vall\u00e1sos al\u00e1zatot \u00e9rtem. Mert azzal itt nem sokra m\u00e9sz; mert a vall\u00e1soknak teljesen m\u00e1s az isten-k\u00e9p\u00fck...<\/p>\r\n<p style=\"text-align: justify\">Sz\u00f3val... nyitotts\u00e1g! Hallhatsz, olvashatsz olyan vad dolgokat, amit\u0151l egyenesen kifutn\u00e1l a vil\u00e1gb\u00f3l. Lehet nem csak magas, de felh\u00e1bor\u00edt\u00f3 is. D\u00fch\u00f6ngj, l\u00e1zongj, de ha kitomboltad magad, \u00fagyis visszat\u00e9rsz, mert az Igazs\u00e1g m\u00e1r csak ilyen; szinte \u00e9szre sem veszed, \u00e9s m\u00e1ris \u00fajra nyakig benne vagy az ilyen t\u00e9m\u00e1kban. :)<\/p>\r\n<p style=\"text-align: justify\">Mindegy milyen \"\u0151r\u00fclts\u00e9ggel\" tal\u00e1lod szembe magad, a l\u00e9nyeg, hogy <strong>maradj nyitott<\/strong>. Nem fogsz tudni mindent elfogadni \u00e9s megem\u00e9szteni, de nem baj, mert nem is kell, csak menj tov\u00e1bb. Tal\u00e1ld meg a sz\u00e1modra \u00e9rdekes t\u00e9m\u00e1kat, \u00e9s mer\u00fclj el benn\u00fck. Mert rengeteg ir\u00e1ny van, de mind ugyanoda vezet. \u00c9s menet k\u00f6zben minden alakul. Lesznek felismer\u00e9seid, bepillant\u00e1said, \u00fagynevezett \"megvil\u00e1gosodott\" pillanataid, spont\u00e1n meg\u00e9rt\u00e9seid, stb. De ne ragadj le ezekn\u00e9l sem. Ez m\u00e9g nem az \u00fat v\u00e9ge, csak sz\u00fcks\u00e9ges \u00e1llom\u00e1sok.<\/p>\r\n<p style=\"text-align: justify\">\u00c9s ha m\u00e1r id\u00e1ig elolvastad, akkor Neked elmondom: amikor eljutsz a k\u00fcsz\u00f6big, ahol mindent le kell tenned, addigra m\u00e1r a sokkol\u00f3 felismer\u00e9sek felk\u00e9sz\u00edtettek mindenre, ami ezut\u00e1n v\u00e1r r\u00e1d. Efel\u0151l ne legyen k\u00e9ts\u00e9ged! Ha nem \u00edgy lenne, akkor nem lehetn\u00e9l ott, ahol vagy! Sz\u00f3val, b\u00e1tors\u00e1g!! :)<\/p>\r\n<p style=\"text-align: justify\">Ha tiszt\u00e1n akarod l\u00e1tni, hogy mi is ez a rettegett eg\u00f3, akkor ez hasznodra lesz:<\/p>\r\n<h3 style=\"text-align: justify\"><strong>Eckhart Tolle - Az eg\u00f3 magva<\/strong><\/h3>\r\n<p style=\"text-align: justify\"><span style=\"text-decoration: underline\"><strong>Hangosk\u00f6nyv:<\/strong><\/span><\/p>\r\n<p><iframe src=\"https:\/\/w.soundcloud.com\/player\/?url=https%3A\/\/api.soundcloud.com\/playlists\/1805800&amp;color=b37759&amp;auto_play=false&amp;hide_related=false&amp;show_comments=true&amp;show_user=true&amp;show_reposts=false\" width=\"600\" height=\"700\" frameborder=\"no\" scrolling=\"yes\"><\/iframe><\/p>\r\n<p style=\"text-align: justify\"><span style=\"text-decoration: underline\"><strong>\u00c9s egy kis r\u00e9szlet bel\u0151le \u00edr\u00e1sban:<\/strong><\/span><\/p>\r\n<blockquote>\r\n<p style=\"text-align: justify\">\"A legt\u00f6bben teljesen azonosulnak a fej\u00fckben hallhat\u00f3 hanggal \u2013 az \u00f6nk\u00e9ntelen \u00e9s k\u00e9nyszeres gondolatfolyammal, illetve a gondolatokat k\u00eds\u00e9r\u0151 \u00e9rzelmekkel \u2013, \u00edgy azt mondhatjuk r\u00f3luk: az elm\u00e9j\u00fck megsz\u00e1llta \u0151ket. Am\u00edg err\u0151l mit sem tudsz, azt hiszed, hogy te a gondolkod\u00f3 vagy. Ez az eg\u00f3s elme.<\/p>\r\n<p>Eg\u00f3snak nevezz\u00fck, mert ez esetben \u00f6nmagad, \u00e9ned (eg\u00f3d) tudata van minden gondolatodban, minden eml\u00e9kedben, minden \u00e9rtelmez\u00e9sedben, v\u00e9lem\u00e9nyedben, n\u00e9z\u0151pontodban, reakci\u00f3dban \u00e9s \u00e9rzelmedben. Ez \u2013 spiritu\u00e1lis \u00e9rtelemben \u2013 tudattalans\u00e1g. A gondolkod\u00e1sodat, elm\u00e9d tartalm\u00e1t persze kondicion\u00e1lja a m\u00falt: a nevel\u00e9sed, a kult\u00far\u00e1d, a csal\u00e1di h\u00e1ttered stb. Valamennyi elmetev\u00e9kenys\u00e9ged k\u00f6zponti magv\u00e1t n\u00e9h\u00e1ny olyan ism\u00e9tl\u0151d\u0151 \u00e9s sz\u00edv\u00f3s gondolat, \u00e9rzelem \u00e9s reakt\u00edv minta alkotja, amivel te a legnagyobb m\u00e9rt\u00e9kben azonosulsz. Ez az entit\u00e1s maga az ego.<\/p>\r\n<p>Legt\u00f6bbsz\u00f6r, amikor azt mondod: \u201e\u00e9n\u201d, val\u00f3j\u00e1ban az ego besz\u00e9l s nem te. Az ego \u00f6sszetev\u0151i: gondolat \u00e9s \u00e9rzelem; eml\u00e9kek, amelyekkel \u201e\u00e9n \u00e9s a t\u00f6rt\u00e9netem\u201d-k\u00e9nt azonosult\u00e1l; r\u00f6gz\u00fclt szerepek, amelyeket \u00fagy j\u00e1tszol el, hogy nem is tudsz r\u00f3la; \u00e9s olyan kollekt\u00edv azonosul\u00e1sok, mint nemzetis\u00e9g, vall\u00e1s, emberfajta, t\u00e1rsadalmi oszt\u00e1ly vagy politikai hovatartoz\u00e1s. Az ego szem\u00e9lyes azonosul\u00e1sokat is tartalmaz, \u00e9s nem csup\u00e1n ilyen-olyan tulajdonnal kapcsolatban, hanem v\u00e9lem\u00e9nyekkel, k\u00fcls\u0151 megjelen\u00e9ssel, r\u00e9g\u00f3ta benned \u00e9l\u0151 s\u00e9relmekkel, illetve \u2013 sikerk\u00e9nt vagy kudarck\u00e9nt elk\u00f6nyvelt \u2013 \u201ejobb, mint\u2026\u201d \u00e9s \u201enem olyan j\u00f3, mint\u2026\u201d jelleg\u0171, magaddal kapcsolatos fogalmakkal val\u00f3 azonosul\u00e1sokat is.<\/p>\r\n<p>Az ego tartalma emberenk\u00e9nt v\u00e1ltoz\u00f3, \u00e1m minden eg\u00f3ban ugyanaz a szerkezet m\u0171k\u00f6dik. M\u00e1sk\u00e9nt megfogalmazva: az eg\u00f3k csup\u00e1n a felsz\u00ednen k\u00fcl\u00f6nb\u00f6znek egym\u00e1st\u00f3l. A m\u00e9ly\u00fckben mind egyform\u00e1k. Milyen vonatkoz\u00e1sban egyform\u00e1k? \u00c9ltet\u0151j\u00fck: az azonosul\u00e1s \u00e9s az elk\u00fcl\u00f6n\u00fcl\u00e9s. Ha az elme \u00e1ltal gondolatb\u00f3l \u00e9s \u00e9rzelemb\u0151l alkotott \u00e9nen \u2013 vagyis az eg\u00f3n \u2013 kereszt\u00fcl \u00e9lsz, akkor identit\u00e1sod alapja ingatag, hiszen a gondolat \u00e9s az \u00e9rzelem is eleve elr\u00f6ppen\u0151, m\u00fal\u00e9kony valami. Ez\u00e9rt minden ego \u2013 \u00f6nmag\u00e1t v\u00e9deni \u00e9s nagyobb\u00e1 tenni pr\u00f3b\u00e1lva \u2013 folyamatosan k\u00fczd az \u00e9letben marad\u00e1s\u00e1\u00e9rt. Az \u00e9ngondolat fenntart\u00e1s\u00e1hoz sz\u00fcks\u00e9ge van \u201ea m\u00e1sik\u201d ellent\u00e9tes gondolat\u00e1ra. A fogalmi jelleg\u0171 \u201e\u00e9n\u201d nem maradhat \u00e9letben a fogalmi jelleg\u0171 \u201em\u00e1sik\u201d n\u00e9lk\u00fcl. A m\u00e1sik ember akkor a \u201elegm\u00e1sikabb\u201d, ha ellens\u00e9gemnek l\u00e1tom \u0151t. E tudattalan eg\u00f3s minta sk\u00e1l\u00e1j\u00e1nak egyik v\u00e9g\u00e9n a mindenkiben hib\u00e1t keres\u00e9s \u00e9s a m\u00e1sokra t\u00f6rt\u00e9n\u0151 panaszkod\u00e1s eg\u00f3s jelleg\u0171, k\u00e9nyszeres szok\u00e1sa \u00e1ll. J\u00e9zus erre utalt, amikor azt mondta: \u201eMi\u00e9rt l\u00e1tod meg a sz\u00e1lk\u00e1t embert\u00e1rsad szem\u00e9ben, amikor a magad szem\u00e9ben a gerend\u00e1t sem veszed \u00e9szre?\u201d A sk\u00e1la m\u00e1sik v\u00e9g\u00e9n a szem\u00e9lyek k\u00f6zti testi er\u0151szak \u00e9s az orsz\u00e1gok k\u00f6zti h\u00e1bor\u00faskod\u00e1s \u00e1ll. A Bibli\u00e1ban J\u00e9zus k\u00e9rd\u00e9se megv\u00e1laszolatlanul marad, de a v\u00e1lasz term\u00e9szetesen ez: mert amikor kritiz\u00e1lok vagy elmarasztalok egy m\u00e1sik embert, att\u00f3l nagyobbnak, t\u00f6bbnek \u00e9rzem magam...\" \u00a0<\/p>\r\n<\/blockquote>\r\n<p style=\"text-align: center\"><strong><a href=\"https:\/\/www.facebook.com\/notes\/abszol%C3%BAt-tudatoss%C3%A1g\/eckhart-tolle-az-eg%C3%B3-magva\/835188589927699\" target=\"_blank\" rel=\"noopener\">&gt;&gt;\u00a0FOLYTAT\u00c1SHOZ\u00a0KLIKK IDE &lt;&lt;<\/a><\/strong>\u00a0<\/p>\r\n<h5 style=\"text-align: left\">\u00a0<span style=\"text-decoration: underline\"><strong>Egy\u00e9b aj\u00e1nlott:\u00a0<a href=\"https:\/\/www.facebook.com\/notes\/abszol%C3%BAt-tudatoss%C3%A1g\/frank-m-wanderer-az-ego-t%C3%BCnd%C3%B6kl%C3%A9se-%C3%A9s-buk%C3%A1sa\/756159734497252\" target=\"_blank\" rel=\"noopener\">Frank M. Wanderer - Az ego t\u00fcnd\u00f6kl\u00e9se \u00e9s buk\u00e1sa (r\u00e9szlet)<\/a><\/strong><\/span><\/h5>\r\n<p style=\"text-align: left\">\u00a0<\/p>","type":"rich","thumbnail_url":"https:\/\/aramlas.cafeblog.hu\/files\/2015\/08\/ego_by_vimark-d306bsh-150x150.jpg","thumbnail_width":150,"thumbnail_height":150}